{"id":1670,"date":"2022-05-23T15:32:58","date_gmt":"2022-05-23T15:32:58","guid":{"rendered":"http:\/\/scoalanr178.ro\/?page_id=1670"},"modified":"2022-05-23T15:32:58","modified_gmt":"2022-05-23T15:32:58","slug":"lansare-revista-scolii-gimnaziale-nr-178-aripi-de-pajura","status":"publish","type":"page","link":"https:\/\/scoalanr178.ro\/?page_id=1670","title":{"rendered":"Lansare revista \u0218colii Gimnaziale Nr.178 \u201eAripi de Pajura\u201d"},"content":{"rendered":"\n<h2 class=\"wp-block-heading\">Lansare revista \u0218colii Gimnaziale Nr.178 \u201eAripi de Pajura\u201d<\/h2>\n\n\n\n<div class=\"wp-block-image\"><figure class=\"aligncenter size-full is-resized\"><img loading=\"lazy\" decoding=\"async\" src=\"https:\/\/scoalanr178.ro\/wp-content\/uploads\/2022\/05\/Coperta1-766x1024-1.jpg\" alt=\"\" class=\"wp-image-1671\" width=\"575\" height=\"768\"\/><\/figure><\/div>\n\n\n\n<p>\u0218coala Gimnazial\u0103 Nr.178 sector 1 Bucure\u0219ti, are, \u00eencep\u00e2nd din data de 6 decembrie 2017, o revist\u0103 a \u015fcolii, publica\u0163ie trimiestrial\u0103 intitulat\u0103 sugestiv \u201eAripi de Pajura\u201d.<\/p>\n\n\n\n<p>Primul num\u0103r a fost lansat \u00een prezen\u0163a elevilor \u015fi a cadrelor didactice ale institu\u0163iei de \u00eenv\u0103\u0163\u0103m\u00e2nt care \u015fi-au adus contribu\u0163ia la aceast\u0103 reu\u015fit\u0103. Din prima edi\u0163ie nu lipsesc compunerile \u015fi poeziile semnate de elevii \u015fcolii, con\u0163inutul publica\u0163iei fiind tip magazin. Pe viitor, elevii care doresc s\u0103 fac\u0103 parte din colectivul redac\u0163ional vor putea s\u0103 se adreseze profesorilor coordonatori, astfel \u00eenc\u00e2t poeziile sau articolele lor s\u0103 se reg\u0103seasc\u0103 \u00een paginile edi\u0163iilor viitoare. Lansarea revistei \u015fcolii a avut loc pe 6 Decembrie 2017 \u00een sala de festivit\u0103\u0163i a \u0218colii Gimnaziale nr.178, la eveniment fiind prezen\u0163i elevi, profesori \u0219i p\u0103rin\u021bi. Revista a fost intitulat\u0103 \u201eAripi de Pajura\u201d \u015fi, conform declara\u021biei doamnei redactor \u0219ef, Iuliana C\u00eerje, \u00ee\u015fi dore\u015fte s\u0103 devin\u0103 un loc de \u00eent\u00e2lnire a elevilor din institu\u0163ia \u015fcolar\u0103 \u015fi un prilej ca tinerii talenta\u0163i s\u0103 \u00ee\u015fi fac\u0103 cunoscute crea\u0163iile literare, rezultatele la olimpiade, participarea \u00een proiecte. &nbsp;<\/p>\n\n\n\n<p>\u201eEste un moment deosebit pentru noi faptul c\u0103 am reu\u015fit s\u0103 cre\u0103m aceast\u0103 revist\u0103 a \u015fcolii \u015fi doresc s\u0103 le mul\u0163umesc tuturor celor care ne-au fost al\u0103turi. A\u015fa dup\u0103 cum spune \u015fi numele publica\u0163iei, dorim prin aceast\u0103 revist\u0103 ca de la aceast\u0103 \u0219coal\u0103 s\u0103 preg\u0103tim \u201dzborul\u201d copiilor spre cunoa\u0219tere \u015fi s\u0103 ne prezent\u0103m a\u015fa cum suntem celor din afara unit\u0103\u0163ii noastre\u201d, a precizat prof. Daniela Paizan.<\/p>\n\n\n\n<p>Cadrele didactice au lansat o invita\u0163ie tuturor elevilor care doresc s\u0103 fac\u0103 parte din colectivul redac\u0163ional, s\u0103 se adreseze profesorilor coordonatori, astfel \u00eenc\u00e2t poeziile sau articolele tinerilor talenta\u0163i s\u0103 se reg\u0103seasc\u0103 \u00een paginile numerelor viitoare ale revistei.<\/p>\n\n\n\n<figure class=\"wp-block-gallery has-nested-images columns-default is-cropped wp-block-gallery-1 is-layout-flex wp-block-gallery-is-layout-flex\">\n<figure class=\"wp-block-image size-large\"><img loading=\"lazy\" decoding=\"async\" width=\"1024\" height=\"768\" data-id=\"1672\" src=\"https:\/\/scoalanr178.ro\/wp-content\/uploads\/2022\/05\/IMG_8849-1-1024x768-1.jpg\" alt=\"\" class=\"wp-image-1672\"\/><\/figure>\n\n\n\n<figure class=\"wp-block-image size-large\"><img loading=\"lazy\" decoding=\"async\" width=\"1024\" height=\"768\" data-id=\"1673\" src=\"https:\/\/scoalanr178.ro\/wp-content\/uploads\/2022\/05\/IMG_8852-1024x768-1.jpg\" alt=\"\" class=\"wp-image-1673\"\/><\/figure>\n\n\n\n<figure class=\"wp-block-image size-large\"><img loading=\"lazy\" decoding=\"async\" width=\"784\" height=\"588\" data-id=\"1674\" src=\"https:\/\/scoalanr178.ro\/wp-content\/uploads\/2022\/05\/IMG_8858.jpg\" alt=\"\" class=\"wp-image-1674\"\/><\/figure>\n\n\n\n<figure class=\"wp-block-image size-large\"><img loading=\"lazy\" decoding=\"async\" width=\"784\" height=\"588\" data-id=\"1675\" src=\"https:\/\/scoalanr178.ro\/wp-content\/uploads\/2022\/05\/IMG_8860.jpg\" alt=\"\" class=\"wp-image-1675\"\/><\/figure>\n\n\n\n<figure class=\"wp-block-image size-large\"><img loading=\"lazy\" decoding=\"async\" width=\"1024\" height=\"768\" data-id=\"1676\" src=\"https:\/\/scoalanr178.ro\/wp-content\/uploads\/2022\/05\/IMG_8870-1-1024x768-1.jpg\" alt=\"\" class=\"wp-image-1676\"\/><\/figure>\n\n\n\n<figure class=\"wp-block-image size-large\"><img loading=\"lazy\" decoding=\"async\" width=\"784\" height=\"588\" data-id=\"1677\" src=\"https:\/\/scoalanr178.ro\/wp-content\/uploads\/2022\/05\/IMG_8859.jpg\" alt=\"\" class=\"wp-image-1677\"\/><\/figure>\n<\/figure>\n","protected":false},"excerpt":{"rendered":"<p>Lansare revista \u0218colii Gimnaziale Nr.178 \u201eAripi de Pajura\u201d \u0218coala Gimnazial\u0103 Nr.178 sector 1 Bucure\u0219ti, are, \u00eencep\u00e2nd din data de 6 decembrie 2017, o revist\u0103 a \u015fcolii, publica\u0163ie trimiestrial\u0103 intitulat\u0103 sugestiv \u201eAripi de Pajura\u201d. Primul num\u0103r a fost lansat \u00een prezen\u0163a elevilor \u015fi a cadrelor didactice ale institu\u0163iei de \u00eenv\u0103\u0163\u0103m\u00e2nt care \u015fi-au adus contribu\u0163ia la aceast\u0103 reu\u015fit\u0103. Din prima edi\u0163ie nu lipsesc compunerile \u015fi poeziile semnate de elevii \u015fcolii, con\u0163inutul publica\u0163iei fiind tip magazin. Pe viitor, elevii care doresc s\u0103 fac\u0103 parte din colectivul redac\u0163ional vor putea s\u0103 se adreseze profesorilor coordonatori, astfel \u00eenc\u00e2t poeziile sau articolele lor s\u0103 se reg\u0103seasc\u0103 \u00een paginile edi\u0163iilor viitoare. Lansarea<span class=\"more-link-wrap\"><a class=\"more-link\" href=\"https:\/\/scoalanr178.ro\/?page_id=1670\">Read More &rarr;<\/a><\/span><\/p>\n","protected":false},"author":1,"featured_media":0,"parent":0,"menu_order":0,"comment_status":"closed","ping_status":"closed","template":"","meta":{"footnotes":""},"class_list":["entry","author-stefan-gheorghe","post-1670","page","type-page","status-publish"],"_links":{"self":[{"href":"https:\/\/scoalanr178.ro\/index.php?rest_route=\/wp\/v2\/pages\/1670","targetHints":{"allow":["GET"]}}],"collection":[{"href":"https:\/\/scoalanr178.ro\/index.php?rest_route=\/wp\/v2\/pages"}],"about":[{"href":"https:\/\/scoalanr178.ro\/index.php?rest_route=\/wp\/v2\/types\/page"}],"author":[{"embeddable":true,"href":"https:\/\/scoalanr178.ro\/index.php?rest_route=\/wp\/v2\/users\/1"}],"replies":[{"embeddable":true,"href":"https:\/\/scoalanr178.ro\/index.php?rest_route=%2Fwp%2Fv2%2Fcomments&post=1670"}],"version-history":[{"count":0,"href":"https:\/\/scoalanr178.ro\/index.php?rest_route=\/wp\/v2\/pages\/1670\/revisions"}],"wp:attachment":[{"href":"https:\/\/scoalanr178.ro\/index.php?rest_route=%2Fwp%2Fv2%2Fmedia&parent=1670"}],"curies":[{"name":"wp","href":"https:\/\/api.w.org\/{rel}","templated":true}]}}