{"id":1338,"date":"2022-05-03T15:54:49","date_gmt":"2022-05-03T15:54:49","guid":{"rendered":"http:\/\/scoalanr178.ro\/?page_id=1338"},"modified":"2022-05-03T15:54:49","modified_gmt":"2022-05-03T15:54:49","slug":"eco-schools-2015","status":"publish","type":"page","link":"https:\/\/scoalanr178.ro\/?page_id=1338","title":{"rendered":"ECO-SCHOOLS 2015"},"content":{"rendered":"\n<figure class=\"wp-block-image size-full is-style-rounded\"><img loading=\"lazy\" decoding=\"async\" width=\"960\" height=\"638\" src=\"https:\/\/scoalanr178.ro\/wp-content\/uploads\/2022\/04\/ECO-SCHOOL.jpg\" alt=\"\" class=\"wp-image-976\"\/><\/figure>\n\n\n\n<p><strong>PROGRAMUL MONDIAL&nbsp;<em>ECO-SCHOOLS<\/em>&nbsp;\/ ECO-\u015eCOALA<\/strong><\/p>\n\n\n\n<p>Participarea unit\u0103\u0163ilor \u015fcolare la Programul interna\u0163ional&nbsp;<em><strong>Eco-Schools&nbsp;<\/strong><\/em>reprezint\u0103 oportunitatea realiz\u0103rii unor ac\u0163iuni instructiv-educative complexe, cu implicarea activ\u0103 a elevilor, cadrelor didactice, a p\u0103rin\u0163ilor \u015fi cu un ecou important \u00een r\u00e2ndul comunit\u0103\u0163ii locale.<\/p>\n\n\n\n<p><strong>Centrul Carpato Danubian de Geoecologie&nbsp;\/ Carpathian Danubian Centre for Geoecology<\/strong><\/p>\n\n\n\n<figure class=\"wp-block-image is-style-rounded\"><a href=\"https:\/\/scoalanr178.ro\/wp-content\/uploads\/2015\/12\/ccdg.png\"><img decoding=\"async\" src=\"https:\/\/scoalanr178.ro\/wp-content\/uploads\/2015\/12\/ccdg.png\" alt=\"ccdg\" class=\"wp-image-1360\"\/><\/a><\/figure>\n\n\n\n<h3 class=\"wp-block-heading\"><strong>Ne dorim sa traim cu totii intr-un mediu curat si primitor.<\/strong><\/h3>\n\n\n\n<h3 class=\"wp-block-heading\"><strong>Il vom avea asa cum il pregatim astazi pentru generatiile actuale si viitoare!<\/strong><\/h3>\n\n\n\n<p>&nbsp;&nbsp;<strong>\u0218COALA GIMNAZIAL\u0102 NR 178, Bucuresti sector 1 participanta la&nbsp;&nbsp;Ziua Verde a Eco-Scolilor din Rom\u00e2nia<\/strong><\/p>\n\n\n\n<p><strong>-actiune realizata \u00een data de 19 octombrie 2017 si 29 octombrie 2015<\/strong><\/p>\n\n\n\n<h1 class=\"wp-block-heading\"><a href=\"https:\/\/scoalanr178.ro\/wp-content\/uploads\/2015\/12\/Ziua-verde-a-Eco-%C8%98colilor-din-Rom%C3%A2nia.pdf\">Ziua verde a Eco-\u0218colilor din Rom\u00e2nia<\/a><\/h1>\n\n\n\n<h1 class=\"wp-block-heading\">&nbsp;<\/h1>\n\n\n\n<h1 class=\"wp-block-heading\">&nbsp;<\/h1>\n\n\n\n<h2 class=\"wp-block-heading\"><strong>DOCUMENTA\u0162IA PROIECTULUI&nbsp; ECO-\u015eCOALA<\/strong><\/h2>\n\n\n\n<p><strong>&nbsp;<\/strong>&nbsp;I.&nbsp;<strong>Beneficiile \u015fcolii<\/strong><\/p>\n\n\n\n<ul class=\"wp-block-list\"><li>Programul Eco-\u015ecoala reprezint\u0103 un program educa\u0163ional&nbsp; prin care elevii&nbsp; con\u015ftientizeaz\u0103 despre problemele locale de mediu, despre eforturile comunitatii locale privind protec\u0163ia \u015fi conservarea mediului, \u015fi care ofera solutii concrete de implicare activ\u0103 \u00een rezolvarea unora din aceste probleme prin studiu \u00een clas\u0103 \u015fi ac\u0163iuni concrete \u00een cadrul \u015fcolii \u015fi comunit\u0103\u0163ii.<\/li><li>Programul Eco-\u015ecoala reprezint\u0103 un mijloc ideal de realizare a:<\/li><\/ul>\n\n\n\n<ol class=\"wp-block-list\"><li>Informariii elevilor privind problemele si eforturile societatii de protejare si conservare a mediului.<\/li><li>Implicarea activa a elevilor in activitati de protejare a mediului printr-o gam\u0103 larg\u0103 de preocup\u0103ri, de la activit\u0103\u0163ile de crea\u0163ie tehnico-\u015ftiin\u0163ifice \u015fi aplicative, de poezie, pictur\u0103, la activit\u0103\u0163i gospodare\u015fti ce vizeaz\u0103 infrumuse\u0163area \u015fcolii, a cartierului, a clasei.<\/li><li>Formarea deprinderilor de colectare selectiv\u0103 a de\u015feurilor de h\u00e2rtie \u015fi carton, PET-uri, baterii.<\/li><li>Dezvoltarea dragostei \u015fi respectului pentru natur\u0103 om \u015fi societate, prin dezvoltarea respectului fa\u0163\u0103 de sine, fa\u0163\u0103 de mediul ambient, prin reducerea deseurilor si infrumuse\u0163area mediului \u015fcolar.<\/li><\/ol>\n\n\n\n<ul class=\"wp-block-list\"><li>\u015ecoala are de c\u00e2\u015ftigat prin:<\/li><\/ul>\n\n\n\n<ol class=\"wp-block-list\"><li>Demararea sau participarea la un program educativ, deoarece formeaz\u0103 elevului de ast\u0103zi, deprinderi \u015fi abilit\u0103\u0163i ecologice, caracterstice viitorului cet\u0103tean educat \u00een spirit ecologic de m\u00e2ine.<\/li><li>Cre\u015fterea gradului de con\u015ftientizare a elevilor \u015fi cadrelor didactice privind problemele de mediu, dezvoltarea spiritului critic \u015fi a capacit\u0103\u0163ii elevilor de a lua decizii,&nbsp; valorificarea de\u015feurilor reciclabile, amenajarea spa\u0163iului verde din jurul \u015fcolii sau parcuri.<\/li><li>Colaborarea cu comunitatea local\u0103 \u015fi stabilirea unor parteneriate cu alte \u015fcoli din Rom\u00e2nia sau lume.<\/li><\/ol>\n\n\n\n<ul class=\"wp-block-list\"><li>Prin activit\u0103\u0163ile propuse, se urm\u0103re\u015fte:<ol><li>Dezvoltarea spiritului civic \u015fi a capacit\u0103\u0163ii elevilor de a lua decizii<\/li><li>\u00cenfrumuse\u0163area s\u0103lilor de clas\u0103, a holurilor, a spa\u0163iului verde din jurul \u015fcolii \u015fi parcuri.<\/li><li>Reciclarea selectiv\u0103 a de\u015feurilor<\/li><li>Ob\u0163inerea statutului de eco-\u015fcoala \u015fi a stegului verde, ca o recuno\u015ftere a &nbsp;implic\u0103rii \u015fcolii \u00een rezolvarea problemelor de mediu<\/li><\/ol><\/li><\/ul>\n\n\n\n<div class=\"wp-block-file\"><a id=\"wp-block-file--media-c7e90aca-8489-4568-b556-d9288d06152a\" href=\"https:\/\/scoalanr178.ro\/wp-content\/uploads\/2022\/05\/proiect-eco-scoala.pdf\">Documentatie proiect-eco-scoala<\/a><a href=\"https:\/\/scoalanr178.ro\/wp-content\/uploads\/2022\/05\/proiect-eco-scoala.pdf\" class=\"wp-block-file__button\" download aria-describedby=\"wp-block-file--media-c7e90aca-8489-4568-b556-d9288d06152a\">Descarc\u0103<\/a><\/div>\n","protected":false},"excerpt":{"rendered":"<p>PROGRAMUL MONDIAL&nbsp;ECO-SCHOOLS&nbsp;\/ ECO-\u015eCOALA Participarea unit\u0103\u0163ilor \u015fcolare la Programul interna\u0163ional&nbsp;Eco-Schools&nbsp;reprezint\u0103 oportunitatea realiz\u0103rii unor ac\u0163iuni instructiv-educative complexe, cu implicarea activ\u0103 a elevilor, cadrelor didactice, a p\u0103rin\u0163ilor \u015fi cu un ecou important \u00een r\u00e2ndul comunit\u0103\u0163ii locale. Centrul Carpato Danubian de Geoecologie&nbsp;\/ Carpathian Danubian Centre for Geoecology Ne dorim sa traim cu totii intr-un mediu curat si primitor. Il vom avea asa cum il pregatim astazi pentru generatiile actuale si viitoare! &nbsp;&nbsp;\u0218COALA GIMNAZIAL\u0102 NR 178, Bucuresti sector 1 participanta la&nbsp;&nbsp;Ziua Verde a Eco-Scolilor din Rom\u00e2nia -actiune realizata \u00een data de 19 octombrie 2017 si 29 octombrie 2015 Ziua verde a Eco-\u0218colilor din Rom\u00e2nia &nbsp; &nbsp; DOCUMENTA\u0162IA PROIECTULUI&nbsp; ECO-\u015eCOALA &nbsp;&nbsp;I.&nbsp;Beneficiile<span class=\"more-link-wrap\"><a class=\"more-link\" href=\"https:\/\/scoalanr178.ro\/?page_id=1338\">Read More &rarr;<\/a><\/span><\/p>\n","protected":false},"author":1,"featured_media":0,"parent":0,"menu_order":0,"comment_status":"closed","ping_status":"closed","template":"","meta":{"footnotes":""},"class_list":["entry","author-stefan-gheorghe","post-1338","page","type-page","status-publish"],"_links":{"self":[{"href":"https:\/\/scoalanr178.ro\/index.php?rest_route=\/wp\/v2\/pages\/1338","targetHints":{"allow":["GET"]}}],"collection":[{"href":"https:\/\/scoalanr178.ro\/index.php?rest_route=\/wp\/v2\/pages"}],"about":[{"href":"https:\/\/scoalanr178.ro\/index.php?rest_route=\/wp\/v2\/types\/page"}],"author":[{"embeddable":true,"href":"https:\/\/scoalanr178.ro\/index.php?rest_route=\/wp\/v2\/users\/1"}],"replies":[{"embeddable":true,"href":"https:\/\/scoalanr178.ro\/index.php?rest_route=%2Fwp%2Fv2%2Fcomments&post=1338"}],"version-history":[{"count":0,"href":"https:\/\/scoalanr178.ro\/index.php?rest_route=\/wp\/v2\/pages\/1338\/revisions"}],"wp:attachment":[{"href":"https:\/\/scoalanr178.ro\/index.php?rest_route=%2Fwp%2Fv2%2Fmedia&parent=1338"}],"curies":[{"name":"wp","href":"https:\/\/api.w.org\/{rel}","templated":true}]}}